{"id":1101,"date":"2026-08-28T14:34:30","date_gmt":"2026-08-28T14:34:30","guid":{"rendered":"https:\/\/headandhands.ca\/?page_id=1101"},"modified":"2026-08-30T03:04:26","modified_gmt":"2026-08-30T03:04:26","slug":"meet-the-team","status":"publish","type":"page","link":"https:\/\/headandhands.ca\/fr\/meet-the-team\/","title":{"rendered":"Rencontrez l'\u00e9quipe"},"content":{"rendered":"<div data-elementor-type=\"wp-page\" data-elementor-id=\"1101\" class=\"elementor elementor-1101\">\n\t\t\t\t<div class=\"elementor-element elementor-element-e5db80a e-con e-atomic-element e-flexbox-base e-a49b6e9\" data-id=\"e5db80a\" data-element_type=\"e-flexbox\" data-e-type=\"e-flexbox\" data-interaction-id=\"e5db80a\">\n    \t\t<div class=\"elementor-element elementor-element-2c6eed4 elementor-widget elementor-widget-heading\" data-id=\"2c6eed4\" data-element_type=\"widget\" data-e-type=\"widget\" data-widget_type=\"heading.default\">\n\t\t\t\t\t<h1 class=\"elementor-heading-title elementor-size-default\">Rencontrez l'\u00e9quipe<\/h1>\t\t\t\t<\/div>\n\t\t<div class=\"elementor-element elementor-element-ab23564 e-con e-atomic-element e-flexbox-base e-ab23564-b86a02c\" data-id=\"ab23564\" data-element_type=\"e-flexbox\" data-e-type=\"e-flexbox\" data-interaction-id=\"ab23564\">\n    <div class=\"elementor-element elementor-element-fc8cdc1 e-con-full e-flex e-con e-child\" data-id=\"fc8cdc1\" data-element_type=\"container\" data-e-type=\"container\" data-settings=\"{&quot;background_background&quot;:&quot;classic&quot;}\">\n\t\t\t\t<div class=\"elementor-element elementor-element-b49912f elementor-widget-tablet__width-initial elementor-widget-mobile__width-inherit elementor-widget__width-initial elementor-position-top elementor-widget elementor-widget-image-box\" data-id=\"b49912f\" data-element_type=\"widget\" data-e-type=\"widget\" data-widget_type=\"image-box.default\">\n\t\t\t\t\t<div class=\"elementor-image-box-wrapper\"><figure class=\"elementor-image-box-img\"><img fetchpriority=\"high\" decoding=\"async\" width=\"320\" height=\"320\" src=\"https:\/\/headandhands.ca\/wp-content\/uploads\/2026\/08\/1.png\" class=\"elementor-animation-grow attachment-full size-full wp-image-382\" alt=\"\" srcset=\"https:\/\/headandhands.ca\/wp-content\/uploads\/2026\/08\/1.png 320w, https:\/\/headandhands.ca\/wp-content\/uploads\/2026\/08\/1-300x300.png 300w, https:\/\/headandhands.ca\/wp-content\/uploads\/2026\/08\/1-150x150.png?crop=1 150w, https:\/\/headandhands.ca\/wp-content\/uploads\/2026\/08\/1-12x12.png 12w\" sizes=\"(max-width: 320px) 100vw, 320px\" \/><\/figure><div class=\"elementor-image-box-content\"><h4 class=\"elementor-image-box-title\">Bita - Directrice - Programme de premi\u00e8re ligne<\/h4><p class=\"elementor-image-box-description translation-block\">Bita, director of frontline services. <br>\r\ncoming up on my 10th year at head and hands, i came into this work after almost two decades of community organizing that focused on migrant justice, supporting victims of police violence and childcare advocacy. what continues to inspire me here is the incredible team i get to work with, our worker empowered structure and of course all the people who come through frontline for a snack, a coffee, in a crisis or just to chat.<\/p><\/div><\/div>\t\t\t\t<\/div>\n\t\t\t\t<div class=\"elementor-element elementor-element-e0f8784 elementor-widget-tablet__width-initial elementor-widget-mobile__width-inherit elementor-widget__width-initial elementor-position-top elementor-widget elementor-widget-image-box\" data-id=\"e0f8784\" data-element_type=\"widget\" data-e-type=\"widget\" data-widget_type=\"image-box.default\">\n\t\t\t\t\t<div class=\"elementor-image-box-wrapper\"><figure class=\"elementor-image-box-img\"><img decoding=\"async\" width=\"4160\" height=\"4160\" src=\"https:\/\/headandhands.ca\/wp-content\/uploads\/2026\/08\/Maggie.jpg\" class=\"elementor-animation-grow attachment-full size-full wp-image-1117\" alt=\"\" srcset=\"https:\/\/headandhands.ca\/wp-content\/uploads\/2026\/08\/Maggie.jpg 4160w, https:\/\/headandhands.ca\/wp-content\/uploads\/2026\/08\/Maggie-300x300.jpg 300w, https:\/\/headandhands.ca\/wp-content\/uploads\/2026\/08\/Maggie-1024x1024.jpg 1024w, https:\/\/headandhands.ca\/wp-content\/uploads\/2026\/08\/Maggie-150x150.jpg?crop=1 150w, https:\/\/headandhands.ca\/wp-content\/uploads\/2026\/08\/Maggie-768x768.jpg 768w, https:\/\/headandhands.ca\/wp-content\/uploads\/2026\/08\/Maggie-1536x1536.jpg 1536w, https:\/\/headandhands.ca\/wp-content\/uploads\/2026\/08\/Maggie-2048x2048.jpg 2048w, https:\/\/headandhands.ca\/wp-content\/uploads\/2026\/08\/Maggie-12x12.jpg 12w\" sizes=\"(max-width: 4160px) 100vw, 4160px\" \/><\/figure><div class=\"elementor-image-box-content\"><h4 class=\"elementor-image-box-title\">Maggie - Intervenante<\/h4><p class=\"elementor-image-box-description translation-block\">Yapping with you since October 2024! <br>\r\nMaggie is deeply committed to building connections with ALL of our community members. Come find them at the front desk and grab a coffee, grab some snacks, learn about resources, vent, show them your selfies, talk about your hometown, make them watch your standup routine, request a song--they're here for it!<\/p><\/div><\/div>\t\t\t\t<\/div>\n\t\t\t\t<div class=\"elementor-element elementor-element-c450296 elementor-widget-tablet__width-initial elementor-widget-mobile__width-inherit elementor-widget__width-initial elementor-position-top elementor-widget elementor-widget-image-box\" data-id=\"c450296\" data-element_type=\"widget\" data-e-type=\"widget\" data-widget_type=\"image-box.default\">\n\t\t\t\t\t<div class=\"elementor-image-box-wrapper\"><figure class=\"elementor-image-box-img\"><img fetchpriority=\"high\" decoding=\"async\" width=\"320\" height=\"320\" src=\"https:\/\/headandhands.ca\/wp-content\/uploads\/2026\/08\/1.png\" class=\"elementor-animation-grow attachment-full size-full wp-image-382\" alt=\"\" srcset=\"https:\/\/headandhands.ca\/wp-content\/uploads\/2026\/08\/1.png 320w, https:\/\/headandhands.ca\/wp-content\/uploads\/2026\/08\/1-300x300.png 300w, https:\/\/headandhands.ca\/wp-content\/uploads\/2026\/08\/1-150x150.png?crop=1 150w, https:\/\/headandhands.ca\/wp-content\/uploads\/2026\/08\/1-12x12.png 12w\" sizes=\"(max-width: 320px) 100vw, 320px\" \/><\/figure><div class=\"elementor-image-box-content\"><h4 class=\"elementor-image-box-title\">Joan - Directrice - Juridique<\/h4><p class=\"elementor-image-box-description\">Salut ! Je m'appelle Joan, et je travaille chez Head &amp; Hands depuis 2 ans en tant que directrice juridique et assistante administrative. Je suis super passionn\u00e9e et fi\u00e8re du travail que nous faisons dans cette organisation vraiment g\u00e9niale - \u00e7a m'a transform\u00e9e \u00e0 l'int\u00e9rieur comme \u00e0 l'ext\u00e9rieur ! \n<\/p><\/div><\/div>\t\t\t\t<\/div>\n\t\t\t\t<\/div>\n\t\t\n<\/div>\n\n<\/div>\n<div class=\"elementor-element elementor-element-e978455 e-con e-atomic-element e-flexbox-base e-e978455-adbdad0\" data-id=\"e978455\" data-element_type=\"e-flexbox\" data-e-type=\"e-flexbox\" data-interaction-id=\"e978455\">\n    <div class=\"elementor-element elementor-element-74c41bc e-con e-atomic-element e-flexbox-base e-74c41bc-3d619bf\" data-id=\"74c41bc\" data-element_type=\"e-flexbox\" data-e-type=\"e-flexbox\" data-interaction-id=\"74c41bc\">\n    <div class=\"elementor-element elementor-element-bbe6e56 e-con-full e-flex e-con e-child\" data-id=\"bbe6e56\" data-element_type=\"container\" data-e-type=\"container\" data-settings=\"{&quot;background_background&quot;:&quot;classic&quot;}\">\n\t\t\t\t<div class=\"elementor-element elementor-element-579fa2c elementor-widget-tablet__width-initial elementor-widget-mobile__width-inherit elementor-widget__width-initial elementor-position-top elementor-widget elementor-widget-image-box\" data-id=\"579fa2c\" data-element_type=\"widget\" data-e-type=\"widget\" data-widget_type=\"image-box.default\">\n\t\t\t\t\t<div class=\"elementor-image-box-wrapper\"><figure class=\"elementor-image-box-img\"><img fetchpriority=\"high\" decoding=\"async\" width=\"320\" height=\"320\" src=\"https:\/\/headandhands.ca\/wp-content\/uploads\/2026\/08\/1.png\" class=\"elementor-animation-grow attachment-full size-full wp-image-382\" alt=\"\" srcset=\"https:\/\/headandhands.ca\/wp-content\/uploads\/2026\/08\/1.png 320w, https:\/\/headandhands.ca\/wp-content\/uploads\/2026\/08\/1-300x300.png 300w, https:\/\/headandhands.ca\/wp-content\/uploads\/2026\/08\/1-150x150.png?crop=1 150w, https:\/\/headandhands.ca\/wp-content\/uploads\/2026\/08\/1-12x12.png 12w\" sizes=\"(max-width: 320px) 100vw, 320px\" \/><\/figure><div class=\"elementor-image-box-content\"><h4 class=\"elementor-image-box-title\">Kat - Directrice - Programme m\u00e9dical<\/h4><p class=\"elementor-image-box-description\">Amoureux des chiens + partisan de la sant\u00e9\n\n<\/p><\/div><\/div>\t\t\t\t<\/div>\n\t\t\t\t<div class=\"elementor-element elementor-element-e2d7b65 elementor-widget-tablet__width-initial elementor-widget-mobile__width-inherit elementor-widget__width-initial elementor-position-top elementor-widget elementor-widget-image-box\" data-id=\"e2d7b65\" data-element_type=\"widget\" data-e-type=\"widget\" data-widget_type=\"image-box.default\">\n\t\t\t\t\t<div class=\"elementor-image-box-wrapper\"><figure class=\"elementor-image-box-img\"><img fetchpriority=\"high\" decoding=\"async\" width=\"320\" height=\"320\" src=\"https:\/\/headandhands.ca\/wp-content\/uploads\/2026\/08\/1.png\" class=\"elementor-animation-grow attachment-full size-full wp-image-382\" alt=\"\" srcset=\"https:\/\/headandhands.ca\/wp-content\/uploads\/2026\/08\/1.png 320w, https:\/\/headandhands.ca\/wp-content\/uploads\/2026\/08\/1-300x300.png 300w, https:\/\/headandhands.ca\/wp-content\/uploads\/2026\/08\/1-150x150.png?crop=1 150w, https:\/\/headandhands.ca\/wp-content\/uploads\/2026\/08\/1-12x12.png 12w\" sizes=\"(max-width: 320px) 100vw, 320px\" \/><\/figure><div class=\"elementor-image-box-content\"><h4 class=\"elementor-image-box-title\">Shavonne - Assistante m\u00e9dicale<\/h4><p class=\"elementor-image-box-description\">Bonjour, je m'appelle Shavonne, vous m'avez peut-\u00eatre vue dans les couloirs de la clinique m\u00e9dicale ou sur le chemin vers la r\u00e9ception ! J'ai commenc\u00e9 chez Head and Hands \u00e0 l'\u00e9t\u00e9 2020 en faisant du travail de rue et de la sensibilisation \u00e0 la r\u00e9duction des m\u00e9faits, mais j'ai depuis chang\u00e9 de r\u00f4le pour devenir navigatrice en sant\u00e9. Je crois que des soins de sant\u00e9 ad\u00e9quats et accessibles gratuitement ou \u00e0 faible co\u00fbt sont un droit humain, donc je me consid\u00e8re chanceuse de pouvoir aider la communaut\u00e9 de Head and Hands ! Quand je ne travaille pas, j'adore tra\u00eener dans l'eau, \u00e9couter la radio parl\u00e9e, exp\u00e9rimenter en cuisine, et jouer ou regarder des sports !\n\n\n<\/p><\/div><\/div>\t\t\t\t<\/div>\n\t\t\t\t<div class=\"elementor-element elementor-element-c5afa2b elementor-widget-tablet__width-initial elementor-widget-mobile__width-inherit elementor-widget__width-initial elementor-position-top elementor-widget elementor-widget-image-box\" data-id=\"c5afa2b\" data-element_type=\"widget\" data-e-type=\"widget\" data-widget_type=\"image-box.default\">\n\t\t\t\t\t<div class=\"elementor-image-box-wrapper\"><figure class=\"elementor-image-box-img\"><img decoding=\"async\" width=\"4160\" height=\"4160\" src=\"https:\/\/headandhands.ca\/wp-content\/uploads\/2026\/08\/KatC.jpg\" class=\"elementor-animation-grow attachment-full size-full wp-image-1114\" alt=\"\" srcset=\"https:\/\/headandhands.ca\/wp-content\/uploads\/2026\/08\/KatC.jpg 4160w, https:\/\/headandhands.ca\/wp-content\/uploads\/2026\/08\/KatC-300x300.jpg 300w, https:\/\/headandhands.ca\/wp-content\/uploads\/2026\/08\/KatC-1024x1024.jpg 1024w, https:\/\/headandhands.ca\/wp-content\/uploads\/2026\/08\/KatC-150x150.jpg?crop=1 150w, https:\/\/headandhands.ca\/wp-content\/uploads\/2026\/08\/KatC-768x768.jpg 768w, https:\/\/headandhands.ca\/wp-content\/uploads\/2026\/08\/KatC-1536x1536.jpg 1536w, https:\/\/headandhands.ca\/wp-content\/uploads\/2026\/08\/KatC-2048x2048.jpg 2048w, https:\/\/headandhands.ca\/wp-content\/uploads\/2026\/08\/KatC-12x12.jpg 12w\" sizes=\"(max-width: 4160px) 100vw, 4160px\" \/><\/figure><div class=\"elementor-image-box-content\"><h4 class=\"elementor-image-box-title\">Kat - Directrice - Programme de sant\u00e9 mentale<\/h4><p class=\"elementor-image-box-description translation-block\">I am a Canadian certified counsellor, somatic practitioner and I have a master\u2019s degree in creative arts therapy. I have been working at Head &amp; Hands for 4 years, first as a full time counsellor and now as the director of the mental health program. <br>\r\n\r\nMy main tasks at the moment are to deliver counselling sessions to youth individually and to coordinate group programming and workshops aimed at nourishing the mental health and wellbeing of marginalized youth with the help of trained interns and facilitators. The youth in this program are my greatest teachers. It\u2019s an honour to hold space for the sheer power of their life force, their joy, their intelligence, their unshakable desire for a life worth living, and the courage they demonstrate in bearing witness to the depth of their own feelings.<\/p><\/div><\/div>\t\t\t\t<\/div>\n\t\t\t\t<\/div>\n\t\t\n<\/div>\n\n<\/div>\n<div class=\"elementor-element elementor-element-7ab58f5 e-con e-atomic-element e-flexbox-base e-3dd87b5\" data-id=\"7ab58f5\" data-element_type=\"e-flexbox\" data-e-type=\"e-flexbox\" data-interaction-id=\"7ab58f5\">\n    <div class=\"elementor-element elementor-element-57e216c e-con e-atomic-element e-flexbox-base e-57e216c-a8c6030\" data-id=\"57e216c\" data-element_type=\"e-flexbox\" data-e-type=\"e-flexbox\" data-interaction-id=\"57e216c\">\n    <div class=\"elementor-element elementor-element-604eb26 e-con-full e-flex e-con e-child\" data-id=\"604eb26\" data-element_type=\"container\" data-e-type=\"container\" data-settings=\"{&quot;background_background&quot;:&quot;classic&quot;}\">\n\t\t\t\t<div class=\"elementor-element elementor-element-d50a36f elementor-widget-tablet__width-initial elementor-widget-mobile__width-inherit elementor-widget__width-initial elementor-position-top elementor-widget elementor-widget-image-box\" data-id=\"d50a36f\" data-element_type=\"widget\" data-e-type=\"widget\" data-widget_type=\"image-box.default\">\n\t\t\t\t\t<div class=\"elementor-image-box-wrapper\"><figure class=\"elementor-image-box-img\"><img loading=\"lazy\" decoding=\"async\" width=\"4160\" height=\"4160\" src=\"https:\/\/headandhands.ca\/wp-content\/uploads\/2026\/08\/Xavier.jpg\" class=\"elementor-animation-grow attachment-full size-full wp-image-1116\" alt=\"\" srcset=\"https:\/\/headandhands.ca\/wp-content\/uploads\/2026\/08\/Xavier.jpg 4160w, https:\/\/headandhands.ca\/wp-content\/uploads\/2026\/08\/Xavier-300x300.jpg 300w, https:\/\/headandhands.ca\/wp-content\/uploads\/2026\/08\/Xavier-1024x1024.jpg 1024w, https:\/\/headandhands.ca\/wp-content\/uploads\/2026\/08\/Xavier-150x150.jpg?crop=1 150w, https:\/\/headandhands.ca\/wp-content\/uploads\/2026\/08\/Xavier-768x768.jpg 768w, https:\/\/headandhands.ca\/wp-content\/uploads\/2026\/08\/Xavier-1536x1536.jpg 1536w, https:\/\/headandhands.ca\/wp-content\/uploads\/2026\/08\/Xavier-2048x2048.jpg 2048w, https:\/\/headandhands.ca\/wp-content\/uploads\/2026\/08\/Xavier-12x12.jpg 12w\" sizes=\"(max-width: 4160px) 100vw, 4160px\" \/><\/figure><div class=\"elementor-image-box-content\"><h4 class=\"elementor-image-box-title\">Xavier - Directeur - Le REC NDG<\/h4><\/div><\/div>\t\t\t\t<\/div>\n\t\t\t\t<div class=\"elementor-element elementor-element-e6673b8 elementor-widget-tablet__width-initial elementor-widget-mobile__width-inherit elementor-widget__width-initial elementor-position-top elementor-widget elementor-widget-image-box\" data-id=\"e6673b8\" data-element_type=\"widget\" data-e-type=\"widget\" data-widget_type=\"image-box.default\">\n\t\t\t\t\t<div class=\"elementor-image-box-wrapper\"><figure class=\"elementor-image-box-img\"><img fetchpriority=\"high\" decoding=\"async\" width=\"320\" height=\"320\" src=\"https:\/\/headandhands.ca\/wp-content\/uploads\/2026\/08\/1.png\" class=\"elementor-animation-grow attachment-full size-full wp-image-382\" alt=\"\" srcset=\"https:\/\/headandhands.ca\/wp-content\/uploads\/2026\/08\/1.png 320w, https:\/\/headandhands.ca\/wp-content\/uploads\/2026\/08\/1-300x300.png 300w, https:\/\/headandhands.ca\/wp-content\/uploads\/2026\/08\/1-150x150.png?crop=1 150w, https:\/\/headandhands.ca\/wp-content\/uploads\/2026\/08\/1-12x12.png 12w\" sizes=\"(max-width: 320px) 100vw, 320px\" \/><\/figure><div class=\"elementor-image-box-content\"><h4 class=\"elementor-image-box-title\">Junior - Directeur - Le REC NDG<\/h4><\/div><\/div>\t\t\t\t<\/div>\n\t\t\t\t<\/div>\n\t\t\n<\/div>\n\n<\/div>\n<div class=\"elementor-element elementor-element-5a3e30a e-con e-atomic-element e-flexbox-base e-5a3e30a-7d6c220\" data-id=\"5a3e30a\" data-element_type=\"e-flexbox\" data-e-type=\"e-flexbox\" data-interaction-id=\"5a3e30a\">\n    <div class=\"elementor-element elementor-element-263c972 e-con e-atomic-element e-flexbox-base e-263c972-0587faa\" data-id=\"263c972\" data-element_type=\"e-flexbox\" data-e-type=\"e-flexbox\" data-interaction-id=\"263c972\">\n    <div class=\"elementor-element elementor-element-a687f8a e-con-full e-flex e-con e-child\" data-id=\"a687f8a\" data-element_type=\"container\" data-e-type=\"container\" data-settings=\"{&quot;background_background&quot;:&quot;classic&quot;}\">\n\t\t\t\t<div class=\"elementor-element elementor-element-1bcbf63 elementor-widget-tablet__width-initial elementor-widget-mobile__width-inherit elementor-widget__width-initial elementor-position-top elementor-widget elementor-widget-image-box\" data-id=\"1bcbf63\" data-element_type=\"widget\" data-e-type=\"widget\" data-widget_type=\"image-box.default\">\n\t\t\t\t\t<div class=\"elementor-image-box-wrapper\"><figure class=\"elementor-image-box-img\"><img loading=\"lazy\" decoding=\"async\" width=\"4160\" height=\"4160\" src=\"https:\/\/headandhands.ca\/wp-content\/uploads\/2026\/08\/Erica.jpg\" class=\"elementor-animation-grow attachment-full size-full wp-image-1108\" alt=\"\" srcset=\"https:\/\/headandhands.ca\/wp-content\/uploads\/2026\/08\/Erica.jpg 4160w, https:\/\/headandhands.ca\/wp-content\/uploads\/2026\/08\/Erica-300x300.jpg 300w, https:\/\/headandhands.ca\/wp-content\/uploads\/2026\/08\/Erica-1024x1024.jpg 1024w, https:\/\/headandhands.ca\/wp-content\/uploads\/2026\/08\/Erica-150x150.jpg?crop=1 150w, https:\/\/headandhands.ca\/wp-content\/uploads\/2026\/08\/Erica-768x768.jpg 768w, https:\/\/headandhands.ca\/wp-content\/uploads\/2026\/08\/Erica-1536x1536.jpg 1536w, https:\/\/headandhands.ca\/wp-content\/uploads\/2026\/08\/Erica-2048x2048.jpg 2048w, https:\/\/headandhands.ca\/wp-content\/uploads\/2026\/08\/Erica-12x12.jpg 12w\" sizes=\"(max-width: 4160px) 100vw, 4160px\" \/><\/figure><div class=\"elementor-image-box-content\"><h4 class=\"elementor-image-box-title\">Erica - Directrice g\u00e9n\u00e9rale<\/h4><p class=\"elementor-image-box-description translation-block\">For Erica, the work starts with people. It means listening to young people, families, staff and community members, understanding what is happening in their lives, and then figuring out what Head &amp; Hands can actually do to help.\nSince joining Head &amp; Hands, Erica has focused on strengthening the organization while also looking closely at how its programs can grow and respond to the needs of the community today. That includes Head &amp; Hands\u2019 health and medical services, legal advocacy, harm reduction, food security, support for young parents, and the programs and activities offered through REC NDG.\nShe is especially interested in the spaces where these programs connect. A young person who comes to Head &amp; Hands for one reason may need support in several other areas of their life. Erica believes they should not have to figure out those connections on their own. Head &amp; Hands should be a place where someone can walk through the door, be welcomed as they are, and know that there are people willing to help.\nHer work also extends outside the walls of Head &amp; Hands. Erica is committed to rebuilding and strengthening relationships with community organizations, businesses, residents, volunteers and other partners who share a commitment to young people and the NDG community.\nShe is not afraid to try something new, ask difficult questions or challenge the way things have always been done when there is an opportunity to do better.\nMost importantly, Erica believes that young people deserve to be heard, respected and given real opportunities to participate in decisions that affect them. Her goal is to make sure Head &amp; Hands continues to be a place that shows up for young people and the community, not only in words, but in what it actually does every day.<\/p><\/div><\/div>\t\t\t\t<\/div>\n\t\t\t\t<div class=\"elementor-element elementor-element-bd9c5aa elementor-widget-tablet__width-initial elementor-widget-mobile__width-inherit elementor-widget__width-initial elementor-position-top elementor-widget elementor-widget-image-box\" data-id=\"bd9c5aa\" data-element_type=\"widget\" data-e-type=\"widget\" data-widget_type=\"image-box.default\">\n\t\t\t\t\t<div class=\"elementor-image-box-wrapper\"><figure class=\"elementor-image-box-img\"><img fetchpriority=\"high\" decoding=\"async\" width=\"320\" height=\"320\" src=\"https:\/\/headandhands.ca\/wp-content\/uploads\/2026\/08\/1.png\" class=\"elementor-animation-grow attachment-full size-full wp-image-382\" alt=\"\" srcset=\"https:\/\/headandhands.ca\/wp-content\/uploads\/2026\/08\/1.png 320w, https:\/\/headandhands.ca\/wp-content\/uploads\/2026\/08\/1-300x300.png 300w, https:\/\/headandhands.ca\/wp-content\/uploads\/2026\/08\/1-150x150.png?crop=1 150w, https:\/\/headandhands.ca\/wp-content\/uploads\/2026\/08\/1-12x12.png 12w\" sizes=\"(max-width: 320px) 100vw, 320px\" \/><\/figure><div class=\"elementor-image-box-content\"><h4 class=\"elementor-image-box-title\">Tasha - Director - Finances<\/h4><p class=\"elementor-image-box-description\">Tasha Zamudio is the Director of Finances and has been at Head &amp; Hands since 2021. She is passionate about camping, going to the park and drinking coffee every day.<\/p><\/div><\/div>\t\t\t\t<\/div>\n\t\t\t\t<div class=\"elementor-element elementor-element-24e9545 elementor-widget-tablet__width-initial elementor-widget-mobile__width-inherit elementor-widget__width-initial elementor-position-top elementor-widget elementor-widget-image-box\" data-id=\"24e9545\" data-element_type=\"widget\" data-e-type=\"widget\" data-widget_type=\"image-box.default\">\n\t\t\t\t\t<div class=\"elementor-image-box-wrapper\"><figure class=\"elementor-image-box-img\"><img loading=\"lazy\" decoding=\"async\" width=\"1024\" height=\"1024\" src=\"https:\/\/headandhands.ca\/wp-content\/uploads\/2026\/08\/Gemini_Generated_Image_6zqimq6zqimq6zqi.jpg\" class=\"elementor-animation-grow attachment-full size-full wp-image-1202\" alt=\"\" srcset=\"https:\/\/headandhands.ca\/wp-content\/uploads\/2026\/08\/Gemini_Generated_Image_6zqimq6zqimq6zqi.jpg 1024w, https:\/\/headandhands.ca\/wp-content\/uploads\/2026\/08\/Gemini_Generated_Image_6zqimq6zqimq6zqi-300x300.jpg 300w, https:\/\/headandhands.ca\/wp-content\/uploads\/2026\/08\/Gemini_Generated_Image_6zqimq6zqimq6zqi-150x150.jpg?crop=1 150w, https:\/\/headandhands.ca\/wp-content\/uploads\/2026\/08\/Gemini_Generated_Image_6zqimq6zqimq6zqi-768x768.jpg 768w, https:\/\/headandhands.ca\/wp-content\/uploads\/2026\/08\/Gemini_Generated_Image_6zqimq6zqimq6zqi-12x12.jpg 12w\" sizes=\"(max-width: 1024px) 100vw, 1024px\" \/><\/figure><div class=\"elementor-image-box-content\"><h4 class=\"elementor-image-box-title\">David - Fundraising - Consultant<\/h4><p class=\"elementor-image-box-description translation-block\">Born in St Lucia, educated in London UK.\r\nWorked for Banardo\u2019s UK as head of a street fundraising team for several years. <br>\r\nFounded Phoenix Alley in Montreal Quebec in 2015, feeding and clothing the homeless around Montreal each winter. <br>\r\nFounder &amp; President of The St Lucia Canada Foundation\r\nFounder &amp; President of The Afro Canadian Alliance, an alliance of 13 Montreal Based Community Organizations. <br>\r\nAlways willing to help to raise funds and assist the less fortunate. <br>\r\nOutgoing. Enjoys Mixed Martial Arts, a huge motorcycle and motor sport enthusiast. Loves to travel, enjoys cooking. Proud to be The Fund &amp; Resource Development Consultant at Head &amp; Hands<\/p><\/div><\/div>\t\t\t\t<\/div>\n\t\t\t\t<\/div>\n\t\t\n<\/div>\n\n<\/div>\n\t\t<\/div>","protected":false},"excerpt":{"rendered":"<p>Meet The Team Bita &#8211; Director &#8211; Front Line Program Bita, director of frontline services. coming up on my 10th year at head and hands, i came into this work after almost two decades of community organizing that focused on migrant justice, supporting victims of police violence and childcare advocacy. what continues to inspire me [&hellip;]<\/p>\n","protected":false},"author":1,"featured_media":1168,"parent":0,"menu_order":0,"comment_status":"closed","ping_status":"closed","template":"","meta":{"advanced_seo_description":"","jetpack_seo_html_title":"","jetpack_seo_noindex":false,"jetpack_seo_schema_type":"","_wpcom_ai_launchpad_about_page":false,"_wpcom_ai_launchpad_gallery_page":false,"_wpcom_ai_launchpad_contact_page":false,"_wpcom_ai_launchpad_events_page":false,"_wpcom_ai_launchpad_video_page":false,"_wpcom_ai_launchpad_portfolio_piece":false,"footnotes":""},"class_list":["post-1101","page","type-page","status-publish","has-post-thumbnail","hentry"],"jetpack_shortlink":"https:\/\/wp.me\/P7ODCb-hL","rttpg_featured_image_url":{"full":["https:\/\/headandhands.ca\/wp-content\/uploads\/2026\/08\/OIP.webp",272,181,false],"landscape":["https:\/\/headandhands.ca\/wp-content\/uploads\/2026\/08\/OIP.webp",272,181,false],"portraits":["https:\/\/headandhands.ca\/wp-content\/uploads\/2026\/08\/OIP.webp",272,181,false],"thumbnail":["https:\/\/headandhands.ca\/wp-content\/uploads\/2026\/08\/OIP-150x150.webp?crop=1",150,150,true],"medium":["https:\/\/headandhands.ca\/wp-content\/uploads\/2026\/08\/OIP.webp",272,181,false],"large":["https:\/\/headandhands.ca\/wp-content\/uploads\/2026\/08\/OIP.webp",272,181,false],"1536x1536":["https:\/\/headandhands.ca\/wp-content\/uploads\/2026\/08\/OIP.webp",272,181,false],"2048x2048":["https:\/\/headandhands.ca\/wp-content\/uploads\/2026\/08\/OIP.webp",272,181,false],"trp-custom-language-flag":["https:\/\/headandhands.ca\/wp-content\/uploads\/2026\/08\/OIP-18x12.webp",18,12,true],"newspack-article-block-landscape-large":["https:\/\/headandhands.ca\/wp-content\/uploads\/2026\/08\/OIP.webp",272,181,false],"newspack-article-block-portrait-large":["https:\/\/headandhands.ca\/wp-content\/uploads\/2026\/08\/OIP.webp",272,181,false],"newspack-article-block-square-large":["https:\/\/headandhands.ca\/wp-content\/uploads\/2026\/08\/OIP.webp",272,181,false],"newspack-article-block-landscape-medium":["https:\/\/headandhands.ca\/wp-content\/uploads\/2026\/08\/OIP.webp",272,181,false],"newspack-article-block-portrait-medium":["https:\/\/headandhands.ca\/wp-content\/uploads\/2026\/08\/OIP.webp",272,181,false],"newspack-article-block-square-medium":["https:\/\/headandhands.ca\/wp-content\/uploads\/2026\/08\/OIP.webp",272,181,false],"newspack-article-block-landscape-intermediate":["https:\/\/headandhands.ca\/wp-content\/uploads\/2026\/08\/OIP.webp",272,181,false],"newspack-article-block-portrait-intermediate":["https:\/\/headandhands.ca\/wp-content\/uploads\/2026\/08\/OIP.webp",272,181,false],"newspack-article-block-square-intermediate":["https:\/\/headandhands.ca\/wp-content\/uploads\/2026\/08\/OIP.webp",272,181,false],"newspack-article-block-landscape-small":["https:\/\/headandhands.ca\/wp-content\/uploads\/2026\/08\/OIP.webp",272,181,false],"newspack-article-block-portrait-small":["https:\/\/headandhands.ca\/wp-content\/uploads\/2026\/08\/OIP.webp",272,181,false],"newspack-article-block-square-small":["https:\/\/headandhands.ca\/wp-content\/uploads\/2026\/08\/OIP.webp",272,181,false],"newspack-article-block-landscape-tiny":["https:\/\/headandhands.ca\/wp-content\/uploads\/2026\/08\/OIP.webp",200,133,false],"newspack-article-block-portrait-tiny":["https:\/\/headandhands.ca\/wp-content\/uploads\/2026\/08\/OIP.webp",150,100,false],"newspack-article-block-square-tiny":["https:\/\/headandhands.ca\/wp-content\/uploads\/2026\/08\/OIP.webp",200,133,false],"newspack-article-block-uncropped":["https:\/\/headandhands.ca\/wp-content\/uploads\/2026\/08\/OIP.webp",272,181,false]},"rttpg_author":{"display_name":"matteod6356655b1d","author_link":"https:\/\/headandhands.ca\/fr\/author\/matteod6356655b1d\/"},"rttpg_comment":0,"rttpg_category":null,"rttpg_excerpt":"Meet The Team Bita &#8211; Director &#8211; Front Line Program Bita, director of frontline services. coming up on my 10th year at head and hands, i came into this work after almost two decades of community organizing that focused on migrant justice, supporting victims of police violence and childcare advocacy. what continues to inspire me&hellip;","_links":{"self":[{"href":"https:\/\/headandhands.ca\/fr\/wp-json\/wp\/v2\/pages\/1101","targetHints":{"allow":["GET"]}}],"collection":[{"href":"https:\/\/headandhands.ca\/fr\/wp-json\/wp\/v2\/pages"}],"about":[{"href":"https:\/\/headandhands.ca\/fr\/wp-json\/wp\/v2\/types\/page"}],"author":[{"embeddable":true,"href":"https:\/\/headandhands.ca\/fr\/wp-json\/wp\/v2\/users\/1"}],"replies":[{"embeddable":true,"href":"https:\/\/headandhands.ca\/fr\/wp-json\/wp\/v2\/comments?post=1101"}],"version-history":[{"count":54,"href":"https:\/\/headandhands.ca\/fr\/wp-json\/wp\/v2\/pages\/1101\/revisions"}],"predecessor-version":[{"id":2325,"href":"https:\/\/headandhands.ca\/fr\/wp-json\/wp\/v2\/pages\/1101\/revisions\/2325"}],"wp:featuredmedia":[{"embeddable":true,"href":"https:\/\/headandhands.ca\/fr\/wp-json\/wp\/v2\/media\/1168"}],"wp:attachment":[{"href":"https:\/\/headandhands.ca\/fr\/wp-json\/wp\/v2\/media?parent=1101"}],"curies":[{"name":"wp","href":"https:\/\/api.w.org\/{rel}","templated":true}]}}